{"id":1781,"date":"2016-01-25T23:47:07","date_gmt":"2016-01-25T22:47:07","guid":{"rendered":"http:\/\/tastepoland.pl\/?page_id=1781"},"modified":"2016-05-15T21:55:38","modified_gmt":"2016-05-15T19:55:38","slug":"o-blogu","status":"publish","type":"page","link":"https:\/\/tastepoland.pl\/en\/o-blogu\/","title":{"rendered":"About blog"},"content":{"rendered":"<p><\/p>\n<p style=\"text-align: justify;\">Czy kiedy\u015b zastanawiali\u015bcie si\u0119 o co chodzi z <strong>Taste Poland<\/strong>? Tu macie do\u015b\u0107 zwi\u0119z\u0142\u0105 odpowied\u017a na ten temat&#8230;<\/p>\n<p style=\"text-align: justify;\"><strong>Po pierwsze<\/strong> &#8211; wierzymy w to, \u017ce Polska jako kierunek turystyczny ma ogromny potencja\u0142- nie tylko przez wspania\u0142a histori\u0119, zabytki czy przyrod\u0119, ale te\u017c pyszne produkty i regionalne kuchnie i dania.<\/p>\n<p style=\"text-align: justify;\"><strong>Po drugie<\/strong> &#8211; powstaje coraz wi\u0119cej miejsc wartych odwiedzenia i poznania. Ciekawe hotele i agroturystki, restauracje szukaj\u0105ce smak\u00f3w Polski, akcje maj\u0105ce na celu poznanie zapomnianych smak\u00f3w.<\/p>\n<p style=\"text-align: justify;\"><strong>Po trzecie<\/strong> &#8211; dzi\u015b w erze blogowania, advetoriali, edytoriali, pictoriali \u00a0i innych &#8230; -riali&#8230; ci\u0119\u017cko o szczere opinie.\u00a0Cz\u0119sto ch\u0119\u0107, by wpis opisywane\u00a0miejsce &#8220;wyszerowa\u0142o&#8221; powoduje pisanie laurek&#8230; ale to nie u nas. Mo\u017ce nie b\u0119dziemy najbardziej udost\u0119pnianymi wpisami&#8230; ale zawsze szczerymi i zgodnymi z w\u0142asnymi odczuciami.<\/p>\n<p style=\"text-align: justify;\"><strong>Po czwarte &#8211;<\/strong>\u00a0czym wi\u0119cej je\u017adzimy, tym bardziej si\u0119 przekonujemy, \u017ce ci\u0105gle dzieli nas \u00a0dystans do innych kraj\u00f3w. Niestety cz\u0119sto w\u0142a\u015bciciel my\u015bli, \u017ce jego rola ko\u0144czy si\u0119 wraz z zako\u0144czeniem budowy&#8230; a tu niestety w\u0142a\u015bnie\u00a0dopiero powinna si\u0119\u00a0zacz\u0105\u0107, gdy\u017c miejsce z dusz\u0105 to co\u015b wi\u0119cej ni\u017c cztery \u015bciany.<\/p>\n<p style=\"text-align: justify;\">Mamy ambicje odszukiwa\u0107 takie miejsca&#8230; i o nich pisa\u0107.\u00a0Chcemy odkrywa\u0107 i dzieli\u0107 si\u0119 nimi\u00a0i wszystkim, co nasz kraj ma do zaoferowania z Wami.\u00a0Jednocze\u015bnie pokazuj\u0105c ich w\u0142a\u015bcicielom, gdzie si\u0119 znajduj\u0105 mo\u017cliwo\u015bci do poprawy.<\/p>\n<p style=\"text-align: justify;\">Cz\u0119sto piszemy z punktu widzenia rodziny z dzieckiem, czasami jako pary, kt\u00f3ra si\u0119 wyrwa\u0142a z domu. Cenimy sobie autentyczno\u015b\u0107, dobry smak, dobr\u0105 obs\u0142ug\u0119 i czasami odrobin\u0119 luksusu. Nie boimy si\u0119 te\u017c zje\u015b\u0107 w przydro\u017cnym barze, czy po prostu na stoisku na targu &#8211; wa\u017cne by by\u0142o smacznie i lokalnie.<\/p>\n<p style=\"text-align: justify;\">\n<p><\/p>","protected":false},"excerpt":{"rendered":"<p>Czy kiedy\u015b zastanawiali\u015bcie si\u0119 o co chodzi z Taste Poland? Tu macie do\u015b\u0107 zwi\u0119z\u0142\u0105 odpowied\u017a&hellip;<\/p>\n","protected":false},"author":2,"featured_media":1797,"parent":0,"menu_order":0,"comment_status":"closed","ping_status":"closed","template":"page-sidebar.php","meta":[],"yoast_head":"<!-- This site is optimized with the Yoast SEO plugin v19.0 - https:\/\/yoast.com\/wordpress\/plugins\/seo\/ -->\n<title>About blog - TASTE POLAND by Wojtek Osi\u0144ski<\/title>\n<meta name=\"description\" content=\"Taste Poland - blog po\u015bwi\u0119cony kulinarnym podr\u00f3\u017com po Polsce. Poszukiwaniu miejsc z klimatem i smakiem. Tylko szczere opinie i sugestie.\" \/>\n<meta name=\"robots\" content=\"index, follow, max-snippet:-1, max-image-preview:large, max-video-preview:-1\" \/>\n<link rel=\"canonical\" href=\"http:\/\/tastepoland.pl\/o-blogu\/\" \/>\n<meta property=\"og:locale\" content=\"en_US\" \/>\n<meta property=\"og:type\" content=\"article\" \/>\n<meta property=\"og:title\" content=\"[:pl]O blogu[:en]About blog[:] - TASTE POLAND by Wojtek Osi\u0144ski\" \/>\n<meta property=\"og:description\" content=\"Taste Poland - blog po\u015bwi\u0119cony kulinarnym podr\u00f3\u017com po Polsce. Poszukiwaniu miejsc z klimatem i smakiem. Tylko szczere opinie i sugestie.\" \/>\n<meta property=\"og:url\" content=\"http:\/\/tastepoland.pl\/o-blogu\/\" \/>\n<meta property=\"og:site_name\" content=\"TASTE POLAND by Wojtek Osi\u0144ski\" \/>\n<meta property=\"article:publisher\" content=\"https:\/\/www.facebook.com\/tastepoland\/\" \/>\n<meta property=\"article:modified_time\" content=\"2016-05-15T19:55:38+00:00\" \/>\n<meta property=\"og:image\" content=\"http:\/\/tastepoland.pl\/wp-content\/uploads\/2016\/01\/pola-2-1024x683.jpg\" \/>\n\t<meta property=\"og:image:width\" content=\"1024\" \/>\n\t<meta property=\"og:image:height\" content=\"683\" \/>\n\t<meta property=\"og:image:type\" content=\"image\/jpeg\" \/>\n<meta name=\"twitter:card\" content=\"summary\" \/>\n<meta name=\"twitter:site\" content=\"@tastepoland\" \/>\n<meta name=\"twitter:label1\" content=\"Est. reading time\" \/>\n\t<meta name=\"twitter:data1\" content=\"3 minutes\" \/>\n<script type=\"application\/ld+json\" class=\"yoast-schema-graph\">{\"@context\":\"https:\/\/schema.org\",\"@graph\":[{\"@type\":\"WebSite\",\"@id\":\"https:\/\/tastepoland.pl\/#website\",\"url\":\"https:\/\/tastepoland.pl\/\",\"name\":\"TASTE POLAND by Wojtek Osi\u0144ski\",\"description\":\"Travel inspiration, reviews and own thoughts thats all what culinary tourist needs\",\"potentialAction\":[{\"@type\":\"SearchAction\",\"target\":{\"@type\":\"EntryPoint\",\"urlTemplate\":\"https:\/\/tastepoland.pl\/?s={search_term_string}\"},\"query-input\":\"required name=search_term_string\"}],\"inLanguage\":\"en-US\"},{\"@type\":\"ImageObject\",\"inLanguage\":\"en-US\",\"@id\":\"http:\/\/tastepoland.pl\/o-blogu\/#primaryimage\",\"url\":\"https:\/\/tastepoland.pl\/wp-content\/uploads\/2016\/01\/pola-2.jpg\",\"contentUrl\":\"https:\/\/tastepoland.pl\/wp-content\/uploads\/2016\/01\/pola-2.jpg\",\"width\":1800,\"height\":1200},{\"@type\":\"WebPage\",\"@id\":\"http:\/\/tastepoland.pl\/o-blogu\/#webpage\",\"url\":\"http:\/\/tastepoland.pl\/o-blogu\/\",\"name\":\"[:pl]O blogu[:en]About blog[:] - TASTE POLAND by Wojtek Osi\u0144ski\",\"isPartOf\":{\"@id\":\"https:\/\/tastepoland.pl\/#website\"},\"primaryImageOfPage\":{\"@id\":\"http:\/\/tastepoland.pl\/o-blogu\/#primaryimage\"},\"datePublished\":\"2016-01-25T22:47:07+00:00\",\"dateModified\":\"2016-05-15T19:55:38+00:00\",\"description\":\"Taste Poland - blog po\u015bwi\u0119cony kulinarnym podr\u00f3\u017com po Polsce. Poszukiwaniu miejsc z klimatem i smakiem. Tylko szczere opinie i sugestie.\",\"breadcrumb\":{\"@id\":\"http:\/\/tastepoland.pl\/o-blogu\/#breadcrumb\"},\"inLanguage\":\"en-US\",\"potentialAction\":[{\"@type\":\"ReadAction\",\"target\":[\"http:\/\/tastepoland.pl\/o-blogu\/\"]}]},{\"@type\":\"BreadcrumbList\",\"@id\":\"http:\/\/tastepoland.pl\/o-blogu\/#breadcrumb\",\"itemListElement\":[{\"@type\":\"ListItem\",\"position\":1,\"name\":\"Strona g\u0142\u00f3wna\",\"item\":\"https:\/\/tastepoland.pl\/\"},{\"@type\":\"ListItem\",\"position\":2,\"name\":\"O blogu\"}]}]}<\/script>\n<!-- \/ Yoast SEO plugin. -->","yoast_head_json":{"title":"[:pl]O blogu[:en]About blog[:] - TASTE POLAND by Wojtek Osi\u0144ski","description":"Taste Poland - blog po\u015bwi\u0119cony kulinarnym podr\u00f3\u017com po Polsce. Poszukiwaniu miejsc z klimatem i smakiem. Tylko szczere opinie i sugestie.","robots":{"index":"index","follow":"follow","max-snippet":"max-snippet:-1","max-image-preview":"max-image-preview:large","max-video-preview":"max-video-preview:-1"},"canonical":"http:\/\/tastepoland.pl\/o-blogu\/","og_locale":"en_US","og_type":"article","og_title":"[:pl]O blogu[:en]About blog[:] - TASTE POLAND by Wojtek Osi\u0144ski","og_description":"Taste Poland - blog po\u015bwi\u0119cony kulinarnym podr\u00f3\u017com po Polsce. Poszukiwaniu miejsc z klimatem i smakiem. Tylko szczere opinie i sugestie.","og_url":"http:\/\/tastepoland.pl\/o-blogu\/","og_site_name":"TASTE POLAND by Wojtek Osi\u0144ski","article_publisher":"https:\/\/www.facebook.com\/tastepoland\/","article_modified_time":"2016-05-15T19:55:38+00:00","og_image":[{"width":1024,"height":683,"url":"http:\/\/tastepoland.pl\/wp-content\/uploads\/2016\/01\/pola-2-1024x683.jpg","type":"image\/jpeg"}],"twitter_card":"summary","twitter_site":"@tastepoland","twitter_misc":{"Est. reading time":"3 minutes"},"schema":{"@context":"https:\/\/schema.org","@graph":[{"@type":"WebSite","@id":"https:\/\/tastepoland.pl\/#website","url":"https:\/\/tastepoland.pl\/","name":"TASTE POLAND by Wojtek Osi\u0144ski","description":"Travel inspiration, reviews and own thoughts thats all what culinary tourist needs","potentialAction":[{"@type":"SearchAction","target":{"@type":"EntryPoint","urlTemplate":"https:\/\/tastepoland.pl\/?s={search_term_string}"},"query-input":"required name=search_term_string"}],"inLanguage":"en-US"},{"@type":"ImageObject","inLanguage":"en-US","@id":"http:\/\/tastepoland.pl\/o-blogu\/#primaryimage","url":"https:\/\/tastepoland.pl\/wp-content\/uploads\/2016\/01\/pola-2.jpg","contentUrl":"https:\/\/tastepoland.pl\/wp-content\/uploads\/2016\/01\/pola-2.jpg","width":1800,"height":1200},{"@type":"WebPage","@id":"http:\/\/tastepoland.pl\/o-blogu\/#webpage","url":"http:\/\/tastepoland.pl\/o-blogu\/","name":"[:pl]O blogu[:en]About blog[:] - TASTE POLAND by Wojtek Osi\u0144ski","isPartOf":{"@id":"https:\/\/tastepoland.pl\/#website"},"primaryImageOfPage":{"@id":"http:\/\/tastepoland.pl\/o-blogu\/#primaryimage"},"datePublished":"2016-01-25T22:47:07+00:00","dateModified":"2016-05-15T19:55:38+00:00","description":"Taste Poland - blog po\u015bwi\u0119cony kulinarnym podr\u00f3\u017com po Polsce. Poszukiwaniu miejsc z klimatem i smakiem. Tylko szczere opinie i sugestie.","breadcrumb":{"@id":"http:\/\/tastepoland.pl\/o-blogu\/#breadcrumb"},"inLanguage":"en-US","potentialAction":[{"@type":"ReadAction","target":["http:\/\/tastepoland.pl\/o-blogu\/"]}]},{"@type":"BreadcrumbList","@id":"http:\/\/tastepoland.pl\/o-blogu\/#breadcrumb","itemListElement":[{"@type":"ListItem","position":1,"name":"Strona g\u0142\u00f3wna","item":"https:\/\/tastepoland.pl\/"},{"@type":"ListItem","position":2,"name":"O blogu"}]}]}},"_links":{"self":[{"href":"https:\/\/tastepoland.pl\/en\/wp-json\/wp\/v2\/pages\/1781"}],"collection":[{"href":"https:\/\/tastepoland.pl\/en\/wp-json\/wp\/v2\/pages"}],"about":[{"href":"https:\/\/tastepoland.pl\/en\/wp-json\/wp\/v2\/types\/page"}],"author":[{"embeddable":true,"href":"https:\/\/tastepoland.pl\/en\/wp-json\/wp\/v2\/users\/2"}],"replies":[{"embeddable":true,"href":"https:\/\/tastepoland.pl\/en\/wp-json\/wp\/v2\/comments?post=1781"}],"version-history":[{"count":7,"href":"https:\/\/tastepoland.pl\/en\/wp-json\/wp\/v2\/pages\/1781\/revisions"}],"predecessor-version":[{"id":2793,"href":"https:\/\/tastepoland.pl\/en\/wp-json\/wp\/v2\/pages\/1781\/revisions\/2793"}],"wp:featuredmedia":[{"embeddable":true,"href":"https:\/\/tastepoland.pl\/en\/wp-json\/wp\/v2\/media\/1797"}],"wp:attachment":[{"href":"https:\/\/tastepoland.pl\/en\/wp-json\/wp\/v2\/media?parent=1781"}],"curies":[{"name":"wp","href":"https:\/\/api.w.org\/{rel}","templated":true}]}}